{"id":555,"date":"2021-03-29T12:19:16","date_gmt":"2021-03-29T10:19:16","guid":{"rendered":"https:\/\/smev.ag\/?page_id=555"},"modified":"2023-04-20T15:48:35","modified_gmt":"2023-04-20T13:48:35","slug":"presse","status":"publish","type":"page","link":"https:\/\/smev.ag\/en\/presse\/","title":{"rendered":"Press"},"content":{"rendered":"<div data-elementor-type=\"wp-page\" data-elementor-id=\"555\" class=\"elementor elementor-555\" data-elementor-settings=\"[]\">\n\t\t\t\t\t\t<div class=\"elementor-inner\">\n\t\t\t\t\t\t\t<div class=\"elementor-section-wrap\">\n\t\t\t\t\t\t\t<section class=\"elementor-section elementor-top-section elementor-element elementor-element-cbfc147 elementor-section-boxed elementor-section-height-default elementor-section-height-default\" data-id=\"cbfc147\" data-element_type=\"section\" data-settings=\"{&quot;background_background&quot;:&quot;classic&quot;}\">\n\t\t\t\t\t\t<div class=\"elementor-container elementor-column-gap-default\">\n\t\t\t\t\t\t\t<div class=\"elementor-row\">\n\t\t\t\t\t<div class=\"elementor-column elementor-col-100 elementor-top-column elementor-element elementor-element-3a257db\" data-id=\"3a257db\" data-element_type=\"column\">\n\t\t\t<div class=\"elementor-column-wrap elementor-element-populated\">\n\t\t\t\t\t\t\t<div class=\"elementor-widget-wrap\">\n\t\t\t\t\t\t<div class=\"elementor-element elementor-element-929c52c elementor-widget elementor-widget-heading\" data-id=\"929c52c\" data-element_type=\"widget\" data-widget_type=\"heading.default\">\n\t\t\t\t<div class=\"elementor-widget-container\">\n\t\t\t<h1 class=\"elementor-heading-title elementor-size-default\">Recent News<\/h1>\t\t<\/div>\n\t\t\t\t<\/div>\n\t\t\t\t<div class=\"elementor-element elementor-element-7a3b4ca elementor-widget elementor-widget-text-editor\" data-id=\"7a3b4ca\" data-element_type=\"widget\" data-widget_type=\"text-editor.default\">\n\t\t\t\t<div class=\"elementor-widget-container\">\n\t\t\t\t\t<div class=\"elementor-text-editor elementor-clearfix\"><p>Anyone who writes for an editorial office, operates a blog or social media channel or publishes for the public in other ways will find all the latest news about the company, the products of SMEV AG, cooperations and relevant content on the subject of smart mobility and can contact us directly.<\/p><\/div>\n\t\t\t\t<\/div>\n\t\t\t\t<\/div>\n\t\t\t\t<div class=\"elementor-element elementor-element-c03a1f7 elementor-widget elementor-widget-spacer\" data-id=\"c03a1f7\" data-element_type=\"widget\" data-widget_type=\"spacer.default\">\n\t\t\t\t<div class=\"elementor-widget-container\">\n\t\t\t\t\t<div class=\"elementor-spacer\">\n\t\t\t<div class=\"elementor-spacer-inner\"><\/div>\n\t\t<\/div>\n\t\t\t\t<\/div>\n\t\t\t\t<\/div>\n\t\t\t\t<section class=\"elementor-section elementor-inner-section elementor-element elementor-element-281fcc0 elementor-section-boxed elementor-section-height-default elementor-section-height-default\" data-id=\"281fcc0\" data-element_type=\"section\">\n\t\t\t\t\t\t<div class=\"elementor-container elementor-column-gap-default\">\n\t\t\t\t\t\t\t<div class=\"elementor-row\">\n\t\t\t\t\t<div class=\"elementor-column elementor-col-100 elementor-inner-column elementor-element elementor-element-02df080\" data-id=\"02df080\" data-element_type=\"column\">\n\t\t\t<div class=\"elementor-column-wrap elementor-element-populated\">\n\t\t\t\t\t\t\t<div class=\"elementor-widget-wrap\">\n\t\t\t\t\t\t<div class=\"elementor-element elementor-element-2e7f4fa elementor-grid-1 elementor-posts--thumbnail-left elementor-hidden-phone elementor-grid-tablet-2 elementor-grid-mobile-1 elementor-widget elementor-widget-posts\" data-id=\"2e7f4fa\" data-element_type=\"widget\" data-settings=\"{&quot;classic_columns&quot;:&quot;1&quot;,&quot;classic_row_gap&quot;:{&quot;unit&quot;:&quot;px&quot;,&quot;size&quot;:30,&quot;sizes&quot;:[]},&quot;classic_columns_tablet&quot;:&quot;2&quot;,&quot;classic_columns_mobile&quot;:&quot;1&quot;}\" data-widget_type=\"posts.classic\">\n\t\t\t\t<div class=\"elementor-widget-container\">\n\t\t\t\t\t<div class=\"elementor-posts-container elementor-posts elementor-posts--skin-classic elementor-grid\">\n\t\t\t\t<article class=\"elementor-post elementor-grid-item post-686 post type-post status-publish format-standard has-post-thumbnail hentry category-allgemein\">\n\t\t\t\t<a class=\"elementor-post__thumbnail__link\" href=\"https:\/\/smev.ag\/en\/2021\/04\/07\/die-smev-ag-wird-erster-partner-des-5g-multifunktions-campus-der-deutschen-messe\/\" >\n\t\t\t<div class=\"elementor-post__thumbnail\"><img width=\"1200\" height=\"800\" src=\"https:\/\/smev.ag\/wp-content\/uploads\/2021\/04\/smevag_pressekonferenz_buehne.jpg\" class=\"attachment-full size-full\" alt=\"\" loading=\"lazy\" srcset=\"https:\/\/smev.ag\/wp-content\/uploads\/2021\/04\/smevag_pressekonferenz_buehne.jpg 1200w, https:\/\/smev.ag\/wp-content\/uploads\/2021\/04\/smevag_pressekonferenz_buehne-300x200.jpg 300w, https:\/\/smev.ag\/wp-content\/uploads\/2021\/04\/smevag_pressekonferenz_buehne-1024x683.jpg 1024w, https:\/\/smev.ag\/wp-content\/uploads\/2021\/04\/smevag_pressekonferenz_buehne-768x512.jpg 768w, https:\/\/smev.ag\/wp-content\/uploads\/2021\/04\/smevag_pressekonferenz_buehne-16x12.jpg 16w\" sizes=\"(max-width: 1200px) 100vw, 1200px\" \/><\/div>\n\t\t<\/a>\n\t\t\t\t<div class=\"elementor-post__text\">\n\t\t\t\t<h3 class=\"elementor-post__title\">\n\t\t\t<a href=\"https:\/\/smev.ag\/en\/2021\/04\/07\/die-smev-ag-wird-erster-partner-des-5g-multifunktions-campus-der-deutschen-messe\/\" >\n\t\t\t\tSMEV AG becomes the first partner of the 5G multifunctional campus of Deutsche Messe\t\t\t<\/a>\n\t\t<\/h3>\n\t\t\t\t<div class=\"elementor-post__meta-data\">\n\t\t\t\t\t<span class=\"elementor-post-date\">\n\t\t\t7. April 2021\t\t<\/span>\n\t\t\t\t<\/div>\n\t\t\t\t<div class=\"elementor-post__excerpt\">\n\t\t\t<p>Testing and further developing of smart mobility under real conditions is now possible in Hanover<\/p>\n\t\t<\/div>\n\t\t\t\t\t<a class=\"elementor-post__read-more\" href=\"https:\/\/smev.ag\/en\/2021\/04\/07\/die-smev-ag-wird-erster-partner-des-5g-multifunktions-campus-der-deutschen-messe\/\" >\n\t\t\t\tRead more\t\t\t<\/a>\n\t\t\t\t<\/div>\n\t\t\t\t<\/article>\n\t\t\t\t<article class=\"elementor-post elementor-grid-item post-561 post type-post status-publish format-standard has-post-thumbnail hentry category-allgemein\">\n\t\t\t\t<a class=\"elementor-post__thumbnail__link\" href=\"https:\/\/smev.ag\/en\/2021\/03\/29\/deutsche-messe-und-smev-ag-werden-partner-im-konsortium-testfeld-niedersachsen\/\" >\n\t\t\t<div class=\"elementor-post__thumbnail\"><img width=\"1600\" height=\"1066\" src=\"https:\/\/smev.ag\/wp-content\/uploads\/2021\/03\/WhatsApp-Image-2021-04-01-at-15.07.08.jpeg\" class=\"attachment-full size-full\" alt=\"\" loading=\"lazy\" srcset=\"https:\/\/smev.ag\/wp-content\/uploads\/2021\/03\/WhatsApp-Image-2021-04-01-at-15.07.08.jpeg 1600w, https:\/\/smev.ag\/wp-content\/uploads\/2021\/03\/WhatsApp-Image-2021-04-01-at-15.07.08-300x200.jpeg 300w, https:\/\/smev.ag\/wp-content\/uploads\/2021\/03\/WhatsApp-Image-2021-04-01-at-15.07.08-1024x682.jpeg 1024w, https:\/\/smev.ag\/wp-content\/uploads\/2021\/03\/WhatsApp-Image-2021-04-01-at-15.07.08-768x512.jpeg 768w, https:\/\/smev.ag\/wp-content\/uploads\/2021\/03\/WhatsApp-Image-2021-04-01-at-15.07.08-1536x1023.jpeg 1536w, https:\/\/smev.ag\/wp-content\/uploads\/2021\/03\/WhatsApp-Image-2021-04-01-at-15.07.08-16x12.jpeg 16w\" sizes=\"(max-width: 1600px) 100vw, 1600px\" \/><\/div>\n\t\t<\/a>\n\t\t\t\t<div class=\"elementor-post__text\">\n\t\t\t\t<h3 class=\"elementor-post__title\">\n\t\t\t<a href=\"https:\/\/smev.ag\/en\/2021\/03\/29\/deutsche-messe-und-smev-ag-werden-partner-im-konsortium-testfeld-niedersachsen\/\" >\n\t\t\t\tDeutsche Messe and SMEV AG become partner in the Test Field Lower Saxony consortium\t\t\t<\/a>\n\t\t<\/h3>\n\t\t\t\t<div class=\"elementor-post__meta-data\">\n\t\t\t\t\t<span class=\"elementor-post-date\">\n\t\t\t29. March 2021\t\t<\/span>\n\t\t\t\t<\/div>\n\t\t\t\t<div class=\"elementor-post__excerpt\">\n\t\t\t<p>Hanover. Deutsche Messe AG is partnering with the 5G exhibition center in the Consortium Testfeld Niedersachsen. The goal: to test automated and networked mobility in practice.<\/p>\n\t\t<\/div>\n\t\t\t\t\t<a class=\"elementor-post__read-more\" href=\"https:\/\/smev.ag\/en\/2021\/03\/29\/deutsche-messe-und-smev-ag-werden-partner-im-konsortium-testfeld-niedersachsen\/\" >\n\t\t\t\tRead more\t\t\t<\/a>\n\t\t\t\t<\/div>\n\t\t\t\t<\/article>\n\t\t\t\t<\/div>\n\t\t\t\t<\/div>\n\t\t\t\t<\/div>\n\t\t\t\t<div class=\"elementor-element elementor-element-a78d7c8 elementor-grid-1 elementor-hidden-desktop elementor-hidden-tablet elementor-grid-tablet-2 elementor-grid-mobile-1 elementor-posts--thumbnail-top elementor-widget elementor-widget-posts\" data-id=\"a78d7c8\" data-element_type=\"widget\" data-settings=\"{&quot;classic_columns&quot;:&quot;1&quot;,&quot;classic_row_gap&quot;:{&quot;unit&quot;:&quot;px&quot;,&quot;size&quot;:30,&quot;sizes&quot;:[]},&quot;classic_columns_tablet&quot;:&quot;2&quot;,&quot;classic_columns_mobile&quot;:&quot;1&quot;}\" data-widget_type=\"posts.classic\">\n\t\t\t\t<div class=\"elementor-widget-container\">\n\t\t\t\t\t<div class=\"elementor-posts-container elementor-posts elementor-posts--skin-classic elementor-grid\">\n\t\t\t\t<article class=\"elementor-post elementor-grid-item post-686 post type-post status-publish format-standard has-post-thumbnail hentry category-allgemein\">\n\t\t\t\t<a class=\"elementor-post__thumbnail__link\" href=\"https:\/\/smev.ag\/en\/2021\/04\/07\/die-smev-ag-wird-erster-partner-des-5g-multifunktions-campus-der-deutschen-messe\/\" >\n\t\t\t<div class=\"elementor-post__thumbnail\"><img width=\"1200\" height=\"800\" src=\"https:\/\/smev.ag\/wp-content\/uploads\/2021\/04\/smevag_pressekonferenz_buehne.jpg\" class=\"attachment-full size-full\" alt=\"\" loading=\"lazy\" srcset=\"https:\/\/smev.ag\/wp-content\/uploads\/2021\/04\/smevag_pressekonferenz_buehne.jpg 1200w, https:\/\/smev.ag\/wp-content\/uploads\/2021\/04\/smevag_pressekonferenz_buehne-300x200.jpg 300w, https:\/\/smev.ag\/wp-content\/uploads\/2021\/04\/smevag_pressekonferenz_buehne-1024x683.jpg 1024w, https:\/\/smev.ag\/wp-content\/uploads\/2021\/04\/smevag_pressekonferenz_buehne-768x512.jpg 768w, https:\/\/smev.ag\/wp-content\/uploads\/2021\/04\/smevag_pressekonferenz_buehne-16x12.jpg 16w\" sizes=\"(max-width: 1200px) 100vw, 1200px\" \/><\/div>\n\t\t<\/a>\n\t\t\t\t<div class=\"elementor-post__text\">\n\t\t\t\t<h3 class=\"elementor-post__title\">\n\t\t\t<a href=\"https:\/\/smev.ag\/en\/2021\/04\/07\/die-smev-ag-wird-erster-partner-des-5g-multifunktions-campus-der-deutschen-messe\/\" >\n\t\t\t\tSMEV AG becomes the first partner of the 5G multifunctional campus of Deutsche Messe\t\t\t<\/a>\n\t\t<\/h3>\n\t\t\t\t<div class=\"elementor-post__meta-data\">\n\t\t\t\t\t<span class=\"elementor-post-date\">\n\t\t\t7. April 2021\t\t<\/span>\n\t\t\t\t<\/div>\n\t\t\t\t<div class=\"elementor-post__excerpt\">\n\t\t\t<p>Testing and further developing of smart mobility under real conditions is now possible in Hanover<\/p>\n\t\t<\/div>\n\t\t\t\t\t<a class=\"elementor-post__read-more\" href=\"https:\/\/smev.ag\/en\/2021\/04\/07\/die-smev-ag-wird-erster-partner-des-5g-multifunktions-campus-der-deutschen-messe\/\" >\n\t\t\t\tRead more\t\t\t<\/a>\n\t\t\t\t<\/div>\n\t\t\t\t<\/article>\n\t\t\t\t<article class=\"elementor-post elementor-grid-item post-561 post type-post status-publish format-standard has-post-thumbnail hentry category-allgemein\">\n\t\t\t\t<a class=\"elementor-post__thumbnail__link\" href=\"https:\/\/smev.ag\/en\/2021\/03\/29\/deutsche-messe-und-smev-ag-werden-partner-im-konsortium-testfeld-niedersachsen\/\" >\n\t\t\t<div class=\"elementor-post__thumbnail\"><img width=\"1600\" height=\"1066\" src=\"https:\/\/smev.ag\/wp-content\/uploads\/2021\/03\/WhatsApp-Image-2021-04-01-at-15.07.08.jpeg\" class=\"attachment-full size-full\" alt=\"\" loading=\"lazy\" srcset=\"https:\/\/smev.ag\/wp-content\/uploads\/2021\/03\/WhatsApp-Image-2021-04-01-at-15.07.08.jpeg 1600w, https:\/\/smev.ag\/wp-content\/uploads\/2021\/03\/WhatsApp-Image-2021-04-01-at-15.07.08-300x200.jpeg 300w, https:\/\/smev.ag\/wp-content\/uploads\/2021\/03\/WhatsApp-Image-2021-04-01-at-15.07.08-1024x682.jpeg 1024w, https:\/\/smev.ag\/wp-content\/uploads\/2021\/03\/WhatsApp-Image-2021-04-01-at-15.07.08-768x512.jpeg 768w, https:\/\/smev.ag\/wp-content\/uploads\/2021\/03\/WhatsApp-Image-2021-04-01-at-15.07.08-1536x1023.jpeg 1536w, https:\/\/smev.ag\/wp-content\/uploads\/2021\/03\/WhatsApp-Image-2021-04-01-at-15.07.08-16x12.jpeg 16w\" sizes=\"(max-width: 1600px) 100vw, 1600px\" \/><\/div>\n\t\t<\/a>\n\t\t\t\t<div class=\"elementor-post__text\">\n\t\t\t\t<h3 class=\"elementor-post__title\">\n\t\t\t<a href=\"https:\/\/smev.ag\/en\/2021\/03\/29\/deutsche-messe-und-smev-ag-werden-partner-im-konsortium-testfeld-niedersachsen\/\" >\n\t\t\t\tDeutsche Messe and SMEV AG become partner in the Test Field Lower Saxony consortium\t\t\t<\/a>\n\t\t<\/h3>\n\t\t\t\t<div class=\"elementor-post__meta-data\">\n\t\t\t\t\t<span class=\"elementor-post-date\">\n\t\t\t29. March 2021\t\t<\/span>\n\t\t\t\t<\/div>\n\t\t\t\t<div class=\"elementor-post__excerpt\">\n\t\t\t<p>Hanover. Deutsche Messe AG is partnering with the 5G exhibition center in the Consortium Testfeld Niedersachsen. The goal: to test automated and networked mobility in practice.<\/p>\n\t\t<\/div>\n\t\t\t\t\t<a class=\"elementor-post__read-more\" href=\"https:\/\/smev.ag\/en\/2021\/03\/29\/deutsche-messe-und-smev-ag-werden-partner-im-konsortium-testfeld-niedersachsen\/\" >\n\t\t\t\tRead more\t\t\t<\/a>\n\t\t\t\t<\/div>\n\t\t\t\t<\/article>\n\t\t\t\t<\/div>\n\t\t\t\t<\/div>\n\t\t\t\t<\/div>\n\t\t\t\t\t\t<\/div>\n\t\t\t\t\t<\/div>\n\t\t<\/div>\n\t\t\t\t\t\t\t\t<\/div>\n\t\t\t\t\t<\/div>\n\t\t<\/section>\n\t\t\t\t<section class=\"elementor-section elementor-inner-section elementor-element elementor-element-dec8707 elementor-section-boxed elementor-section-height-default elementor-section-height-default\" data-id=\"dec8707\" data-element_type=\"section\">\n\t\t\t\t\t\t<div class=\"elementor-container elementor-column-gap-default\">\n\t\t\t\t\t\t\t<div class=\"elementor-row\">\n\t\t\t\t\t<div class=\"elementor-column elementor-col-100 elementor-inner-column elementor-element elementor-element-5e86b5a\" data-id=\"5e86b5a\" data-element_type=\"column\">\n\t\t\t<div class=\"elementor-column-wrap elementor-element-populated\">\n\t\t\t\t\t\t\t<div class=\"elementor-widget-wrap\">\n\t\t\t\t\t\t\t\t<\/div>\n\t\t\t\t\t<\/div>\n\t\t<\/div>\n\t\t\t\t\t\t\t\t<\/div>\n\t\t\t\t\t<\/div>\n\t\t<\/section>\n\t\t\t\t<section class=\"elementor-section elementor-inner-section elementor-element elementor-element-61e81ef elementor-section-boxed elementor-section-height-default elementor-section-height-default\" data-id=\"61e81ef\" data-element_type=\"section\">\n\t\t\t\t\t\t<div class=\"elementor-container elementor-column-gap-default\">\n\t\t\t\t\t\t\t<div class=\"elementor-row\">\n\t\t\t\t\t<div class=\"elementor-column elementor-col-100 elementor-inner-column elementor-element elementor-element-2482dbf\" data-id=\"2482dbf\" data-element_type=\"column\">\n\t\t\t<div class=\"elementor-column-wrap elementor-element-populated\">\n\t\t\t\t\t\t\t<div class=\"elementor-widget-wrap\">\n\t\t\t\t\t\t\t\t<\/div>\n\t\t\t\t\t<\/div>\n\t\t<\/div>\n\t\t\t\t\t\t\t\t<\/div>\n\t\t\t\t\t<\/div>\n\t\t<\/section>\n\t\t\t\t\t\t<\/div>\n\t\t\t\t\t<\/div>\n\t\t<\/div>\n\t\t\t\t\t\t\t\t<\/div>\n\t\t\t\t\t<\/div>\n\t\t<\/section>\n\t\t\t\t<section class=\"elementor-section elementor-top-section elementor-element elementor-element-17f2a00 elementor-section-boxed elementor-section-height-default elementor-section-height-default\" data-id=\"17f2a00\" data-element_type=\"section\" data-settings=\"{&quot;background_background&quot;:&quot;classic&quot;}\">\n\t\t\t\t\t\t<div class=\"elementor-container elementor-column-gap-default\">\n\t\t\t\t\t\t\t<div class=\"elementor-row\">\n\t\t\t\t\t<div class=\"elementor-column elementor-col-50 elementor-top-column elementor-element elementor-element-554165b\" data-id=\"554165b\" data-element_type=\"column\">\n\t\t\t<div class=\"elementor-column-wrap elementor-element-populated\">\n\t\t\t\t\t\t\t<div class=\"elementor-widget-wrap\">\n\t\t\t\t\t\t<div class=\"elementor-element elementor-element-86302c5 elementor-widget elementor-widget-menu-anchor\" data-id=\"86302c5\" data-element_type=\"widget\" data-widget_type=\"menu-anchor.default\">\n\t\t\t\t<div class=\"elementor-widget-container\">\n\t\t\t\t\t<div id=\"kontakt\" class=\"elementor-menu-anchor\"><\/div>\n\t\t\t\t<\/div>\n\t\t\t\t<\/div>\n\t\t\t\t<div class=\"elementor-element elementor-element-aab091d elementor-widget elementor-widget-heading\" data-id=\"aab091d\" data-element_type=\"widget\" data-widget_type=\"heading.default\">\n\t\t\t\t<div class=\"elementor-widget-container\">\n\t\t\t<h2 class=\"elementor-heading-title elementor-size-default\">Get in touch<\/h2>\t\t<\/div>\n\t\t\t\t<\/div>\n\t\t\t\t<div class=\"elementor-element elementor-element-cd55026 elementor-widget elementor-widget-text-editor\" data-id=\"cd55026\" data-element_type=\"widget\" data-widget_type=\"text-editor.default\">\n\t\t\t\t<div class=\"elementor-widget-container\">\n\t\t\t\t\t<div class=\"elementor-text-editor elementor-clearfix\"><p><strong>Head office<\/strong><\/p><p data-fontsize=\"18\" data-lineheight=\"24\">Im Technologiepark 1<br \/>D-15236 Frankfurt (Oder)<br \/>Germany<\/p><\/div>\n\t\t\t\t<\/div>\n\t\t\t\t<\/div>\n\t\t\t\t<div class=\"elementor-element elementor-element-6e8b4f6 elementor-icon-list--layout-traditional elementor-list-item-link-full_width elementor-widget elementor-widget-icon-list\" data-id=\"6e8b4f6\" data-element_type=\"widget\" data-widget_type=\"icon-list.default\">\n\t\t\t\t<div class=\"elementor-widget-container\">\n\t\t\t\t\t<ul class=\"elementor-icon-list-items\">\n\t\t\t\t\t\t\t<li class=\"elementor-icon-list-item\">\n\t\t\t\t\t\t\t\t\t\t\t<span class=\"elementor-icon-list-icon\">\n\t\t\t\t\t\t\t<i aria-hidden=\"true\" class=\"fas fa-phone\"><\/i>\t\t\t\t\t\t<\/span>\n\t\t\t\t\t\t\t\t\t\t<span class=\"elementor-icon-list-text\">+ 49 335 5571400<\/span>\n\t\t\t\t\t\t\t\t\t<\/li>\n\t\t\t\t\t\t\t\t<li class=\"elementor-icon-list-item\">\n\t\t\t\t\t<a href=\"mailto:info@smev.ag\">\t\t\t\t\t\t<span class=\"elementor-icon-list-icon\">\n\t\t\t\t\t\t\t<i aria-hidden=\"true\" class=\"far fa-envelope\"><\/i>\t\t\t\t\t\t<\/span>\n\t\t\t\t\t\t\t\t\t\t<span class=\"elementor-icon-list-text\">presse@smev.ag<\/span>\n\t\t\t\t\t\t\t\t\t\t\t<\/a>\n\t\t\t\t\t\t\t\t\t<\/li>\n\t\t\t\t\t\t<\/ul>\n\t\t\t\t<\/div>\n\t\t\t\t<\/div>\n\t\t\t\t\t\t<\/div>\n\t\t\t\t\t<\/div>\n\t\t<\/div>\n\t\t\t\t<div class=\"elementor-column elementor-col-50 elementor-top-column elementor-element elementor-element-092e276\" data-id=\"092e276\" data-element_type=\"column\">\n\t\t\t<div class=\"elementor-column-wrap elementor-element-populated\">\n\t\t\t\t\t\t\t<div class=\"elementor-widget-wrap\">\n\t\t\t\t\t\t<div class=\"elementor-element elementor-element-b1407c5 elementor-button-align-start elementor-widget elementor-widget-form\" data-id=\"b1407c5\" data-element_type=\"widget\" data-settings=\"{&quot;step_next_label&quot;:&quot;Next&quot;,&quot;step_previous_label&quot;:&quot;Previous&quot;,&quot;button_width&quot;:&quot;50&quot;,&quot;step_type&quot;:&quot;number_text&quot;,&quot;step_icon_shape&quot;:&quot;circle&quot;}\" data-widget_type=\"form.default\">\n\t\t\t\t<div class=\"elementor-widget-container\">\n\t\t\t\t\t<form class=\"elementor-form\" method=\"post\" name=\"New Form\" action=\"\">\n\t\t\t<input type=\"hidden\" name=\"post_id\" value=\"555\"\/>\n\t\t\t<input type=\"hidden\" name=\"form_id\" value=\"b1407c5\"\/>\n\n\t\t\t\n\t\t\t<div class=\"elementor-form-fields-wrapper elementor-labels-\">\n\t\t\t\t\t\t\t\t<div class=\"elementor-field-type-text elementor-field-group elementor-column elementor-field-group-name elementor-col-100\">\n\t\t\t\t\t<label for=\"form-field-name\" class=\"elementor-field-label elementor-screen-only\">Name<\/label><input size=\"1\" type=\"text\" name=\"form_fields[name]\" id=\"form-field-name\" class=\"elementor-field elementor-size-sm  elementor-field-textual\" placeholder=\"First Name, Surname\">\t\t\t\t<\/div>\n\t\t\t\t\t\t\t\t<div class=\"elementor-field-type-text elementor-field-group elementor-column elementor-field-group-field_18fa173 elementor-col-100\">\n\t\t\t\t\t<input size=\"1\" type=\"text\" name=\"form_fields[field_18fa173]\" id=\"form-field-field_18fa173\" class=\"elementor-field elementor-size-sm  elementor-field-textual\" placeholder=\"Phone\">\t\t\t\t<\/div>\n\t\t\t\t\t\t\t\t<div class=\"elementor-field-type-email elementor-field-group elementor-column elementor-field-group-email elementor-col-100 elementor-field-required\">\n\t\t\t\t\t<label for=\"form-field-email\" class=\"elementor-field-label elementor-screen-only\">Email<\/label><input size=\"1\" type=\"email\" name=\"form_fields[email]\" id=\"form-field-email\" class=\"elementor-field elementor-size-sm  elementor-field-textual\" placeholder=\"Email\" required=\"required\" aria-required=\"true\">\t\t\t\t<\/div>\n\t\t\t\t\t\t\t\t<div class=\"elementor-field-type-textarea elementor-field-group elementor-column elementor-field-group-message elementor-col-100\">\n\t\t\t\t\t<label for=\"form-field-message\" class=\"elementor-field-label elementor-screen-only\">Message<\/label><textarea class=\"elementor-field-textual elementor-field  elementor-size-sm\" name=\"form_fields[message]\" id=\"form-field-message\" rows=\"4\" placeholder=\"Message\"><\/textarea>\t\t\t\t<\/div>\n\t\t\t\t\t\t\t\t<div class=\"elementor-field-group elementor-column elementor-field-type-submit elementor-col-50 e-form__buttons\">\n\t\t\t\t\t<button type=\"submit\" class=\"elementor-button elementor-size-sm\">\n\t\t\t\t\t\t<span >\n\t\t\t\t\t\t\t\t\t\t\t\t\t\t\t<span class=\"elementor-button-icon\">\n\t\t\t\t\t\t\t\t\t\t\t\t\t\t\t\t\t\t\t\t\t\t\t\t\t\t<\/span>\n\t\t\t\t\t\t\t\t\t\t\t\t\t\t\t\t\t\t\t\t\t\t<span class=\"elementor-button-text\">Send<\/span>\n\t\t\t\t\t\t\t\t\t\t\t\t\t<\/span>\n\t\t\t\t\t<\/button>\n\t\t\t\t<\/div>\n\t\t\t<\/div>\n\t\t<input type=\"hidden\" name=\"trp-form-language\" value=\"en\"\/><\/form>\n\t\t\t\t<\/div>\n\t\t\t\t<\/div>\n\t\t\t\t\t\t<\/div>\n\t\t\t\t\t<\/div>\n\t\t<\/div>\n\t\t\t\t\t\t\t\t<\/div>\n\t\t\t\t\t<\/div>\n\t\t<\/section>\n\t\t\t\t\t\t<\/div>\n\t\t\t\t\t\t<\/div>\n\t\t\t\t\t<\/div>","protected":false},"excerpt":{"rendered":"<p>Aktuelle News Wer f\u00fcr eine Redaktion schreibt, einen Blog oder Social-Media-Kanal betreibt oder auf anderen Wegen f\u00fcr die \u00d6ffentlichkeit publiziert, findet hier alle aktuellen Nachrichten zum Unternehmen, den Produkten der SMEV AG, Kooperationen und relevanten Inhalten rund um das Thema smart mobility und kann direkt Kontakt zu uns aufnehmen. Kontakt aufnehmen Firmensitz Im Technologiepark 1D-15236 [&hellip;]<\/p>","protected":false},"author":1,"featured_media":0,"parent":0,"menu_order":0,"comment_status":"closed","ping_status":"closed","template":"","meta":[],"yoast_head":"<!-- This site is optimized with the Yoast SEO plugin v15.4 - https:\/\/yoast.com\/wordpress\/plugins\/seo\/ -->\n<title>Presse - SMEV AG - Smart Mobility Evolution<\/title>\n<meta name=\"description\" content=\"Wer f\u00fcr eine Redaktion schreibt oder f\u00fcr die \u00d6ffentlichkeit publiziert, findet hier alle aktuellen News und kann direkt Kontakt zu uns aufnehmen.\" \/>\n<meta name=\"robots\" content=\"index, follow, max-snippet:-1, max-image-preview:large, max-video-preview:-1\" \/>\n<link rel=\"canonical\" href=\"https:\/\/smev.ag\/en\/presse\/\" \/>\n<meta property=\"og:locale\" content=\"en_GB\" \/>\n<meta property=\"og:type\" content=\"article\" \/>\n<meta property=\"og:title\" content=\"Presse - SMEV AG - Smart Mobility Evolution\" \/>\n<meta property=\"og:description\" content=\"Wer f\u00fcr eine Redaktion schreibt oder f\u00fcr die \u00d6ffentlichkeit publiziert, findet hier alle aktuellen News und kann direkt Kontakt zu uns aufnehmen.\" \/>\n<meta property=\"og:url\" content=\"https:\/\/smev.ag\/en\/presse\/\" \/>\n<meta property=\"og:site_name\" content=\"SMEV AG\" \/>\n<meta property=\"article:modified_time\" content=\"2023-04-20T13:48:35+00:00\" \/>\n<meta name=\"twitter:card\" content=\"summary_large_image\" \/>\n<meta name=\"twitter:label1\" content=\"Written by\">\n\t<meta name=\"twitter:data1\" content=\"SMEV AG\">\n\t<meta name=\"twitter:label2\" content=\"Estimated reading time\">\n\t<meta name=\"twitter:data2\" content=\"0 minutes\">\n<script type=\"application\/ld+json\" class=\"yoast-schema-graph\">{\"@context\":\"https:\/\/schema.org\",\"@graph\":[{\"@type\":\"WebSite\",\"@id\":\"https:\/\/smev.ag\/#website\",\"url\":\"https:\/\/smev.ag\/\",\"name\":\"SMEV AG\",\"description\":\"Smart Mobility Evolution\",\"potentialAction\":[{\"@type\":\"SearchAction\",\"target\":\"https:\/\/smev.ag\/?s={search_term_string}\",\"query-input\":\"required name=search_term_string\"}],\"inLanguage\":\"en-GB\"},{\"@type\":\"WebPage\",\"@id\":\"https:\/\/smev.ag\/presse\/#webpage\",\"url\":\"https:\/\/smev.ag\/presse\/\",\"name\":\"Presse - SMEV AG - Smart Mobility Evolution\",\"isPartOf\":{\"@id\":\"https:\/\/smev.ag\/#website\"},\"datePublished\":\"2021-03-29T10:19:16+00:00\",\"dateModified\":\"2023-04-20T13:48:35+00:00\",\"description\":\"Wer f\\u00fcr eine Redaktion schreibt oder f\\u00fcr die \\u00d6ffentlichkeit publiziert, findet hier alle aktuellen News und kann direkt Kontakt zu uns aufnehmen.\",\"inLanguage\":\"en-GB\",\"potentialAction\":[{\"@type\":\"ReadAction\",\"target\":[\"https:\/\/smev.ag\/presse\/\"]}]}]}<\/script>\n<!-- \/ Yoast SEO plugin. -->","_links":{"self":[{"href":"https:\/\/smev.ag\/en\/wp-json\/wp\/v2\/pages\/555"}],"collection":[{"href":"https:\/\/smev.ag\/en\/wp-json\/wp\/v2\/pages"}],"about":[{"href":"https:\/\/smev.ag\/en\/wp-json\/wp\/v2\/types\/page"}],"author":[{"embeddable":true,"href":"https:\/\/smev.ag\/en\/wp-json\/wp\/v2\/users\/1"}],"replies":[{"embeddable":true,"href":"https:\/\/smev.ag\/en\/wp-json\/wp\/v2\/comments?post=555"}],"version-history":[{"count":96,"href":"https:\/\/smev.ag\/en\/wp-json\/wp\/v2\/pages\/555\/revisions"}],"predecessor-version":[{"id":720,"href":"https:\/\/smev.ag\/en\/wp-json\/wp\/v2\/pages\/555\/revisions\/720"}],"wp:attachment":[{"href":"https:\/\/smev.ag\/en\/wp-json\/wp\/v2\/media?parent=555"}],"curies":[{"name":"wp","href":"https:\/\/api.w.org\/{rel}","templated":true}]}}